{"id":1626,"date":"2016-12-15T13:53:30","date_gmt":"2016-12-15T12:53:30","guid":{"rendered":"http:\/\/ec.mielec.pl\/?page_id=1626"},"modified":"2026-01-27T13:15:46","modified_gmt":"2026-01-27T12:15:46","slug":"informacje-cieplo","status":"publish","type":"page","link":"http:\/\/ec.mielec.pl\/wordpress\/?page_id=1626","title":{"rendered":"Informacje &#8211; ciep\u0142o"},"content":{"rendered":"<h2>Informacje dla odbiorc\u00f3w z zakresu ciep\u0142a<\/h2>\n<h3>Informacja o jednosk\u0142adnikowej cenie ciep\u0142a w zwi\u0105zku z zapisami ustawy z dnia 12 wrze\u015bnia 2025 roku o bonie ciep\u0142owniczym oraz o zmianie niekt\u00f3rych ustaw w celu ograniczenia wysoko\u015bci cen energii elektrycznej (Dz. U. z 2025 r. poz. 1302)<\/h3>\n<ol>\n<li>Jednosk\u0142adnikowe ceny ciep\u0142a stosowane <strong>do 01.10.2025<\/strong> roku przez EC Mielec dla poszczeg\u00f3lnych grup taryfowych przedstawiaj\u0105 si\u0119 nast\u0119puj\u0105co:\n<ol>\n<li>Dla grupy taryfowej WZ &#8211; \u00a0110,72 z\u0142\/GJ<\/li>\n<li>Dla grupy taryfowej WZ<sub>W95\/50 <\/sub>&#8211; \u00a080,87 z\u0142\/GJ<\/li>\n<li>Dla grupy taryfowej WS &#8211; \u00a0144,11 z\u0142\/GJ<\/li>\n<\/ol>\n<\/li>\n<li>Jednosk\u0142adnikowe ceny ciep\u0142a stosowane <strong>od 02.10.2025<\/strong> roku przez EC Mielec dla poszczeg\u00f3lnych grup taryfowych przedstawiaj\u0105 si\u0119 nast\u0119puj\u0105co:\n<ol>\n<li>Dla grupy taryfowej WZ &#8211; \u00a0108,62 z\u0142\/GJ<\/li>\n<li>Dla grupy taryfowej WS &#8211; \u00a0153,11 z\u0142\/GJ<\/li>\n<\/ol>\n<\/li>\n<\/ol>\n<h3>Informacje, o kt\u00f3rych mowa w art. 7b ust. 5 pkt 2 ustawy Prawo energetyczne (Dz. U. z 2022 r. poz. 1385, z p\u00f3\u017an. zm.)<\/h3>\n<ol>\n<li>Procentowy udzia\u0142 energii z odnawialnych \u017ar\u00f3de\u0142 energii, z podaniem rodzaju odnawialnego \u017ar\u00f3d\u0142a energii, w \u0142\u0105cznej ilo\u015bci ciep\u0142a dostarczonego do systemu ciep\u0142owniczego SSE Euro-Park Mielec w 2025 roku = 0 %<\/li>\n<li>Procentowy udzia\u0142 ciep\u0142a odpadowego w \u0142\u0105cznej ilo\u015bci ciep\u0142a dostarczonego do systemu ciep\u0142owniczego SSE Euro-Park Mielec w 2025 roku = 0 %<\/li>\n<li>Procentowy udzia\u0142 ciep\u0142a pochodz\u0105cego z kogeneracji w \u0142\u0105cznej ilo\u015bci ciep\u0142a dostarczonego do systemu ciep\u0142owniczego SSE Euro-Park Mielec w 2025 roku = 88,5 %<\/li>\n<li>Warto\u015b\u0107 wsp\u00f3\u0142czynnika nak\u0142adu nieodnawialnej energii pierwotnej obliczonego na podstawie przepis\u00f3w wydanych na podstawie art. 29 ustawy z dnia 20 maja 2016 r. o efektywno\u015bci energetycznej (Dz. U. z 2021 r. poz. 2166, z p\u00f3\u017an. zm.) dla systemu ciep\u0142owniczego SSE Euro-Park Mielec w 2025 roku = 1,256<\/li>\n<li>Suma ko\u0144cowego zu\u017cycia energii cieplnej brutto, o kt\u00f3rej mowa w art. 2 pkt 16 ustawy z dnia 20 lutego 2015 r. o odnawialnych \u017ar\u00f3d\u0142ach energii (Dz. U. z 2023 r. poz. 1436, z p\u00f3\u017an. zm.), wytworzonej przez wszystkich wytw\u00f3rc\u00f3w ciep\u0142a w systemie ciep\u0142owniczym SSE Euro-Park Mielec w 2025 roku = 231 578 GJ<\/li>\n<\/ol>\n<h3>Informacja o maksymalnych cenach dostawy ciep\u0142a<\/h3>\n<p>Zgodnie z art. 14 ust.1 ustawy z dnia 8 lutego 2023 r. o zmianie ustawy o szczeg\u00f3lnych rozwi\u0105zaniach w zakresie niekt\u00f3rych \u017ar\u00f3de\u0142 ciep\u0142a w zwi\u0105zku z sytuacj\u0105 na rynku paliw oraz niekt\u00f3rych innych ustaw (Dz.U. z 2023 r. poz. 295) informujemy, \u017ce w okresie od dnia 1 marca 2023 r. do dnia 31 grudnia 2023 r. Elektrociep\u0142ownia Mielec Sp\u00f3\u0142ka z o.o. stosuje w rozliczeniach z odbiorcami ciep\u0142a, o kt\u00f3rych mowa w art. 4 ust.1 ustawy z dnia 15 wrze\u015bnia 2022 roku o szczeg\u00f3lnych rozwi\u0105zaniach w zakresie niekt\u00f3rych \u017ar\u00f3de\u0142 ciep\u0142a w zwi\u0105zku z sytuacj\u0105 na rynku paliw (tzw. odbiorcy chronieni) maksymaln\u0105 cen\u0119 dostawy ciep\u0142a, okre\u015blon\u0105 zgodnie z art.2 ust 5c tej ustawy.<\/p>\n<p><!--more--><\/p>\n<a target=\"_self\" href=\"http:\/\/80.244.133.162\/\/wordpress\/wp-content\/uploads\/2023\/05\/Informacja_o_cenach_ciepla_2023r_.pdf\" class=\"btn btn-link btn-lg\"><i class=\"icon-download\"><\/i> Informacja o maksymalnych cenach ciep\u0142a<\/a>\n<hr \/>\n<h3>Informacja dotycz\u0105ca udzia\u0142u procentowego ciep\u0142a dostarczonego w 2025 roku do sieci ciep\u0142owniczej EC Mielec wytworzonego z odnawialnych \u017ar\u00f3de\u0142 energii, ciep\u0142a z instalacji termicznego przekszta\u0142cania odpad\u00f3w oraz ciep\u0142a odpadowego z instalacji przemys\u0142owych, w \u0142\u0105cznej ilo\u015bci ciep\u0142a dostarczonego do tej sieci.<\/h3>\n<p>U<sub>DH<\/sub>=0,0%<\/p>\n<hr \/>\n<h3>Plan ogranicze\u0144 w dostawie ciep\u0142a<\/h3>\n<p>Elektrociep\u0142ownia Mielec Sp. z o.o. b\u0119d\u0105ca przedsi\u0119biorstwem energetycznym wykonuj\u0105ca dzia\u0142alno\u015b\u0107 gospodarcz\u0105 w zakresie zaopatrzenia w ciep\u0142o przedstawia plan wprowadzania ogranicze\u0144 w dostarczaniu ciep\u0142a dla odbiorc\u00f3w na lata 2022-2025<\/p>\n<ul>\n<li><a target=\"_self\" href=\"http:\/\/80.244.133.162\/wordpress\/wp-content\/uploads\/2022\/04\/Plan_ograniczen_dostaw_ciepla_ECM_2022_2025.pdf\" class=\"btn btn-link\"><i class=\"icon-download\"><\/i> Plan wprowadzania ogranicze\u0144 w dostawie ciep\u0142a dla odbiorc\u00f3w EC Mielec na lata 2022-2025<\/a><\/li>\n<\/ul>\n<ul>\n<li><a target=\"_self\" href=\"http:\/\/80.244.133.162\/wordpress\/wp-content\/uploads\/2019\/08\/Plan_ograniczen-_ECM_Q_2019_2021.pdf\" class=\"btn btn-link\"><i class=\"icon-download\"><\/i> Plan wprowadzania ogranicze\u0144 w dostawie ciep\u0142a dla odbiorc\u00f3w EC Mielec na lata 2019-2021<\/a><\/li>\n<li><a target=\"_self\" href=\"http:\/\/80.244.133.162\/wordpress\/wp-content\/uploads\/2015\/10\/plan_ograniczen_cieplo_2016-2018_2016-07-20-14-30-56-01.pdf\" class=\"btn btn-link\"><i class=\"icon-download\"><\/i> Plan wprowadzania ogranicze\u0144 w dostawie ciep\u0142a dla odbiorc\u00f3w EC Mielec na lata 2016-2018<\/a><\/li>\n<\/ul>\n<hr \/>\n<h3>Przy\u0142\u0105czenie do sieci ciep\u0142owniczej<\/h3>\n<p>Informacje i dokumenty zwi\u0105zane z przy\u0142\u0105czeniem obiekt\u00f3w do sieci ciep\u0142owniczej SSE Euro-Park Mielec.<\/p>\n<ul>\n<li><a target=\"_self\" href=\"http:\/\/80.244.133.162\/wordpress\/wp-content\/uploads\/2024\/02\/procedura_przylaczenia_obiektu_do_sieci_cieplowniczej.pdf\" class=\"btn btn-link\"><i class=\"icon-download\"><\/i> Procedura przy\u0142\u0105czenia obiektu do sieci ciep\u0142owniczej<\/a><\/li>\n<li><a target=\"_self\" href=\"http:\/\/80.244.133.162\/wordpress\/wp-content\/uploads\/2024\/01\/Wniosek_o_informacje.pdf\" class=\"btn btn-link\"><i class=\"icon-download\"><\/i> Wniosek o wydanie informacji w zakresie mo\u017cliwo\u015bci przy\u0142\u0105czenia do sieci ciep\u0142owniczej w obr\u0119bie SSE Euro-Park Mielec<\/a><\/li>\n<li><a target=\"_self\" href=\"http:\/\/80.244.133.162\/wordpress\/wp-content\/uploads\/2024\/01\/Wniosek_o_WP_Wezel.pdf\" class=\"btn btn-link\"><i class=\"icon-download\"><\/i> Wniosek o wydanie warunk\u00f3w przy\u0142\u0105czenia obiektu budowlanego do sieci ciep\u0142owniczej w obr\u0119bie SSE Euro-Park Mielec<\/a><\/li>\n<li><a target=\"_self\" href=\"http:\/\/80.244.133.162\/wordpress\/wp-content\/uploads\/2024\/01\/Wniosek_o_WP_Zrodlo.pdf\" class=\"btn btn-link\"><i class=\"icon-download\"><\/i> Wniosek o okre\u015blenie warunk\u00f3w przy\u0142\u0105czenia \u017ar\u00f3d\u0142a ciep\u0142a do sieci ciep\u0142owniczej w obr\u0119bie SSE Euro-Park Mielec<\/a><\/li>\n<li><a target=\"_self\" href=\"http:\/\/80.244.133.162\/wordpress\/wp-content\/uploads\/2015\/10\/projekt_umowy_o_przylaczenie_do_sieci_cieplowniczej.pdf\" class=\"btn btn-link\"><i class=\"icon-download\"><\/i> Projekt umowy przy\u0142\u0105czeniowej<\/a><\/li>\n<li><a target=\"_self\" href=\"http:\/\/80.244.133.162\/wordpress\/wp-content\/uploads\/2015\/10\/wniosek_zmiana_mocy.pdf\" class=\"btn btn-link\"><i class=\"icon-download\"><\/i> Wniosek o zmian\u0119 zam\u00f3wionej mocy cieplnej<\/a><\/li>\n<li><a target=\"_self\" href=\"http:\/\/80.244.133.162\/wordpress\/wp-content\/uploads\/2024\/02\/Schemat_sieci_cieplnych_w_SSE.pdf\" class=\"btn btn-link\"><i class=\"icon-download\"><\/i> Mapa sieci cieplnych<\/a><\/li>\n<\/ul>\n<p><a name=\"info_podmioty_moc\"><\/a><\/p>\n<hr \/>\n<p><!--more--><!--more--><\/p>\n","protected":false},"excerpt":{"rendered":"<p> [&hellip;]<\/p>\n","protected":false},"author":2,"featured_media":0,"parent":0,"menu_order":0,"comment_status":"closed","ping_status":"closed","template":"","meta":[],"_links":{"self":[{"href":"http:\/\/ec.mielec.pl\/wordpress\/index.php?rest_route=\/wp\/v2\/pages\/1626"}],"collection":[{"href":"http:\/\/ec.mielec.pl\/wordpress\/index.php?rest_route=\/wp\/v2\/pages"}],"about":[{"href":"http:\/\/ec.mielec.pl\/wordpress\/index.php?rest_route=\/wp\/v2\/types\/page"}],"author":[{"embeddable":true,"href":"http:\/\/ec.mielec.pl\/wordpress\/index.php?rest_route=\/wp\/v2\/users\/2"}],"replies":[{"embeddable":true,"href":"http:\/\/ec.mielec.pl\/wordpress\/index.php?rest_route=%2Fwp%2Fv2%2Fcomments&post=1626"}],"version-history":[{"count":43,"href":"http:\/\/ec.mielec.pl\/wordpress\/index.php?rest_route=\/wp\/v2\/pages\/1626\/revisions"}],"predecessor-version":[{"id":3444,"href":"http:\/\/ec.mielec.pl\/wordpress\/index.php?rest_route=\/wp\/v2\/pages\/1626\/revisions\/3444"}],"wp:attachment":[{"href":"http:\/\/ec.mielec.pl\/wordpress\/index.php?rest_route=%2Fwp%2Fv2%2Fmedia&parent=1626"}],"curies":[{"name":"wp","href":"https:\/\/api.w.org\/{rel}","templated":true}]}}